{"id":22,"date":"2017-11-01T14:56:07","date_gmt":"2017-11-01T14:56:07","guid":{"rendered":"http:\/\/news.aikido-dojo-ortenau.de\/?page_id=22"},"modified":"2017-11-01T14:56:07","modified_gmt":"2017-11-01T14:56:07","slug":"impressum","status":"publish","type":"page","link":"http:\/\/news.aikido-dojo-ortenau.de\/?page_id=22","title":{"rendered":"Impressum"},"content":{"rendered":"<h3>Aikido-Abteilung des TV Friesenheim\/Baden<\/h3>\n<p>Verantwortlich f\u00fcr den Inhalt:<br \/>\nUdo Erb<br \/>\nWasserklammstr.27<br \/>\n77933 Lahr<br \/>\nTel. 07821 271376<br \/>\nerbudo@aol.com<\/p>\n<h3>Haftungshinweis:<\/h3>\n<p>Trotz sorgf\u00e4ltiger inhaltlicher Kontrolle \u00fcbernehmen wir keine Haftung f\u00fcr die Inhalte externer Links.<br \/>\nF\u00fcr den Inhalt der verlinkten Seiten sind ausschlie\u00dflich deren Betreiber verantwortlich.<\/p>\n<p>Webdesign:\u00a0<a href=\"http:\/\/www.bauer-kollmer.de\/\" target=\"_blank\" rel=\"noopener\">Bauer+Kollmer, Freiburg<\/a><\/p>\n","protected":false},"excerpt":{"rendered":"<p>Aikido-Abteilung des TV Friesenheim\/Baden Verantwortlich f\u00fcr den Inhalt: Udo Erb Wasserklammstr.27 77933 Lahr Tel. 07821 271376 erbudo@aol.com Haftungshinweis: Trotz sorgf\u00e4ltiger inhaltlicher Kontrolle \u00fcbernehmen wir keine Haftung f\u00fcr die Inhalte externer Links. F\u00fcr den Inhalt der verlinkten Seiten sind ausschlie\u00dflich deren Betreiber verantwortlich. Webdesign:\u00a0Bauer+Kollmer, Freiburg<\/p>\n","protected":false},"author":4,"featured_media":0,"parent":0,"menu_order":0,"comment_status":"closed","ping_status":"closed","template":"","meta":[],"_links":{"self":[{"href":"http:\/\/news.aikido-dojo-ortenau.de\/index.php?rest_route=\/wp\/v2\/pages\/22"}],"collection":[{"href":"http:\/\/news.aikido-dojo-ortenau.de\/index.php?rest_route=\/wp\/v2\/pages"}],"about":[{"href":"http:\/\/news.aikido-dojo-ortenau.de\/index.php?rest_route=\/wp\/v2\/types\/page"}],"author":[{"embeddable":true,"href":"http:\/\/news.aikido-dojo-ortenau.de\/index.php?rest_route=\/wp\/v2\/users\/4"}],"replies":[{"embeddable":true,"href":"http:\/\/news.aikido-dojo-ortenau.de\/index.php?rest_route=%2Fwp%2Fv2%2Fcomments&post=22"}],"version-history":[{"count":1,"href":"http:\/\/news.aikido-dojo-ortenau.de\/index.php?rest_route=\/wp\/v2\/pages\/22\/revisions"}],"predecessor-version":[{"id":23,"href":"http:\/\/news.aikido-dojo-ortenau.de\/index.php?rest_route=\/wp\/v2\/pages\/22\/revisions\/23"}],"wp:attachment":[{"href":"http:\/\/news.aikido-dojo-ortenau.de\/index.php?rest_route=%2Fwp%2Fv2%2Fmedia&parent=22"}],"curies":[{"name":"wp","href":"https:\/\/api.w.org\/{rel}","templated":true}]}}